{"id":1656,"date":"2024-09-22T12:41:14","date_gmt":"2024-09-22T10:41:14","guid":{"rendered":"https:\/\/abogadaviolenciadegenero.com\/articles\/"},"modified":"2025-03-14T07:34:21","modified_gmt":"2025-03-14T06:34:21","slug":"articles","status":"publish","type":"page","link":"https:\/\/abogadaviolenciadegenero.com\/fr\/articles\/","title":{"rendered":"Articles"},"content":{"rendered":"<div  class='av-alb-blogposts template-blog  '  itemscope=\"itemscope\" itemtype=\"https:\/\/schema.org\/Blog\" ><article class=\"post-entry post-entry-type-standard post-entry-1770 post-loop-1 post-parity-odd single-big  post-1770 post type-post status-publish format-standard hentry category-non-classifiee\"  itemscope=\"itemscope\" itemtype=\"https:\/\/schema.org\/BlogPosting\" ><div class=\"blog-meta\"><\/div><div class='entry-content-wrapper clearfix standard-content'><header class=\"entry-content-header\" aria-label=\"Articles : Comment demander une aide financi\u00e8re si vous \u00eates victime de violence de genre\"><h2 class='post-title entry-title '  itemprop=\"headline\" ><a href=\"https:\/\/abogadaviolenciadegenero.com\/fr\/comment-demander-une-aide-financiere-si-vous-etes-victime-de-violence-de-genre\/\" rel=\"bookmark\" title=\"Lien permanent : Comment demander une aide financi\u00e8re si vous \u00eates victime de violence de genre\">Comment demander une aide financi\u00e8re si vous \u00eates victime de violence de genre<span class=\"post-format-icon minor-meta\"><\/span><\/a><\/h2><span class=\"post-meta-infos\"><time class=\"date-container minor-meta updated\"  itemprop=\"datePublished\" datetime=\"2025-02-04T11:11:42+01:00\" >4 f\u00e9vrier 2025<\/time><span class=\"text-sep\">\/<\/span><span class=\"blog-categories minor-meta\">dans <a href=\"https:\/\/abogadaviolenciadegenero.com\/fr\/category\/non-classifiee\/\" rel=\"tag\">Non classifi\u00e9(e)<\/a><\/span><span class=\"text-sep\">\/<\/span><span class=\"blog-author minor-meta\">par <span class=\"entry-author-link\"  itemprop=\"author\" ><span class=\"author\"><span class=\"fn\"><a href=\"https:\/\/abogadaviolenciadegenero.com\/fr\/author\/david_ewhu82mp\/\" title=\"Articles par admin\" rel=\"author\">admin<\/a><\/span><\/span><\/span><\/span><\/span><\/header><div class=\"entry-content\"  itemprop=\"text\" ><div class=\"read-more-link\"><a href=\"https:\/\/abogadaviolenciadegenero.com\/fr\/comment-demander-une-aide-financiere-si-vous-etes-victime-de-violence-de-genre\/\" class=\"more-link\">Lire la suite<span class='more-link-arrow avia-svg-icon avia-font-svg_entypo-fontello' data-av_svg_icon='right-open-big' data-av_iconset='svg_entypo-fontello'><svg version=\"1.1\" xmlns=\"http:\/\/www.w3.org\/2000\/svg\" width=\"15\" height=\"32\" viewBox=\"0 0 15 32\" preserveAspectRatio=\"xMidYMid meet\" role=\"graphics-symbol\" aria-hidden=\"true\">\n<path d=\"M0.416 27.84l11.456-11.84-11.456-11.904q-0.832-0.832 0-1.536 0.832-0.832 1.536 0l12.544 12.608q0.768 0.832 0 1.6l-12.544 12.608q-0.704 0.832-1.536 0-0.832-0.704 0-1.536z\"><\/path>\n<\/svg><\/span><\/a><\/div>\n<\/div><footer class=\"entry-footer\"><\/footer><div class='post_delimiter'><\/div><\/div><div class=\"post_author_timeline\"><\/div><span class='hidden'>\n\t\t\t\t<span class='av-structured-data'  itemprop=\"image\" itemscope=\"itemscope\" itemtype=\"https:\/\/schema.org\/ImageObject\" >\n\t\t\t\t\t\t<span itemprop='url'>https:\/\/abogadaviolenciadegenero.com\/wp-content\/uploads\/2024\/01\/abogada_violencia_de_genero.png<\/span>\n\t\t\t\t\t\t<span itemprop='height'>0<\/span>\n\t\t\t\t\t\t<span itemprop='width'>0<\/span>\n\t\t\t\t<\/span>\n\t\t\t\t<span class='av-structured-data'  itemprop=\"publisher\" itemtype=\"https:\/\/schema.org\/Organization\" itemscope=\"itemscope\" >\n\t\t\t\t\t\t<span itemprop='name'>admin<\/span>\n\t\t\t\t\t\t<span itemprop='logo' itemscope itemtype='https:\/\/schema.org\/ImageObject'>\n\t\t\t\t\t\t\t<span itemprop='url'>https:\/\/abogadaviolenciadegenero.com\/wp-content\/uploads\/2024\/01\/abogada_violencia_de_genero.png<\/span>\n\t\t\t\t\t\t<\/span>\n\t\t\t\t<\/span><span class='av-structured-data'  itemprop=\"author\" itemscope=\"itemscope\" itemtype=\"https:\/\/schema.org\/Person\" ><span itemprop='name'>admin<\/span><\/span><span class='av-structured-data'  itemprop=\"datePublished\" datetime=\"2025-02-04T11:11:42+01:00\" >2025-02-04 11:11:42<\/span><span class='av-structured-data'  itemprop=\"dateModified\" itemtype=\"https:\/\/schema.org\/dateModified\" >2025-12-26 16:01:47<\/span><span class='av-structured-data'  itemprop=\"mainEntityOfPage\" itemtype=\"https:\/\/schema.org\/mainEntityOfPage\" ><span itemprop='name'>Comment demander une aide financi\u00e8re si vous \u00eates victime de violence de genre<\/span><\/span><\/span><\/article><article class=\"post-entry post-entry-type-standard post-entry-1801 post-loop-2 post-parity-even single-big with-slider post-1801 post type-post status-publish format-standard has-post-thumbnail hentry category-non-classifiee\"  itemscope=\"itemscope\" itemtype=\"https:\/\/schema.org\/BlogPosting\" ><div class=\"big-preview single-big\"  itemprop=\"image\" itemscope=\"itemscope\" itemtype=\"https:\/\/schema.org\/ImageObject\" ><a href=\"https:\/\/abogadaviolenciadegenero.com\/fr\/feminicide-statistiques-causes-et-prevention\/\"  title=\"que_es_feminicidio\" ><img decoding=\"async\" loading=\"lazy\" width=\"800\" height=\"321\" src=\"https:\/\/abogadaviolenciadegenero.com\/wp-content\/uploads\/2024\/09\/que_es_feminicidio-800x321.jpg\" class=\"wp-image-1484 avia-img-lazy-loading-1484 attachment-entry_with_sidebar size-entry_with_sidebar wp-post-image\" alt=\"qu\u00e9 es el feminicidio\" \/><\/a><\/div><div class=\"blog-meta\"><\/div><div class='entry-content-wrapper clearfix standard-content'><header class=\"entry-content-header\" aria-label=\"Articles : F\u00e9minicide : statistiques, causes et pr\u00e9vention\"><h2 class='post-title entry-title '  itemprop=\"headline\" ><a href=\"https:\/\/abogadaviolenciadegenero.com\/fr\/feminicide-statistiques-causes-et-prevention\/\" rel=\"bookmark\" title=\"Lien permanent : F\u00e9minicide : statistiques, causes et pr\u00e9vention\">F\u00e9minicide : statistiques, causes et pr\u00e9vention<span class=\"post-format-icon minor-meta\"><\/span><\/a><\/h2><span class=\"post-meta-infos\"><time class=\"date-container minor-meta updated\"  itemprop=\"datePublished\" datetime=\"2024-09-29T19:29:30+02:00\" >29 septembre 2024<\/time><span class=\"text-sep\">\/<\/span><span class=\"blog-categories minor-meta\">dans <a href=\"https:\/\/abogadaviolenciadegenero.com\/fr\/category\/non-classifiee\/\" rel=\"tag\">Non classifi\u00e9(e)<\/a><\/span><span class=\"text-sep\">\/<\/span><span class=\"blog-author minor-meta\">par <span class=\"entry-author-link\"  itemprop=\"author\" ><span class=\"author\"><span class=\"fn\"><a href=\"https:\/\/abogadaviolenciadegenero.com\/fr\/author\/david_ewhu82mp\/\" title=\"Articles par admin\" rel=\"author\">admin<\/a><\/span><\/span><\/span><\/span><\/span><\/header><div class=\"entry-content\"  itemprop=\"text\" ><div class=\"read-more-link\"><a href=\"https:\/\/abogadaviolenciadegenero.com\/fr\/feminicide-statistiques-causes-et-prevention\/\" class=\"more-link\">Lire la suite<span class='more-link-arrow avia-svg-icon avia-font-svg_entypo-fontello' data-av_svg_icon='right-open-big' data-av_iconset='svg_entypo-fontello'><svg version=\"1.1\" xmlns=\"http:\/\/www.w3.org\/2000\/svg\" width=\"15\" height=\"32\" viewBox=\"0 0 15 32\" preserveAspectRatio=\"xMidYMid meet\" role=\"graphics-symbol\" aria-hidden=\"true\">\n<path d=\"M0.416 27.84l11.456-11.84-11.456-11.904q-0.832-0.832 0-1.536 0.832-0.832 1.536 0l12.544 12.608q0.768 0.832 0 1.6l-12.544 12.608q-0.704 0.832-1.536 0-0.832-0.704 0-1.536z\"><\/path>\n<\/svg><\/span><\/a><\/div>\n<\/div><footer class=\"entry-footer\"><\/footer><div class='post_delimiter'><\/div><\/div><div class=\"post_author_timeline\"><\/div><span class='hidden'>\n\t\t\t\t<span class='av-structured-data'  itemprop=\"image\" itemscope=\"itemscope\" itemtype=\"https:\/\/schema.org\/ImageObject\" >\n\t\t\t\t\t\t<span itemprop='url'>https:\/\/abogadaviolenciadegenero.com\/wp-content\/uploads\/2024\/09\/que_es_feminicidio.jpg<\/span>\n\t\t\t\t\t\t<span itemprop='height'>533<\/span>\n\t\t\t\t\t\t<span itemprop='width'>800<\/span>\n\t\t\t\t<\/span>\n\t\t\t\t<span class='av-structured-data'  itemprop=\"publisher\" itemtype=\"https:\/\/schema.org\/Organization\" itemscope=\"itemscope\" >\n\t\t\t\t\t\t<span itemprop='name'>admin<\/span>\n\t\t\t\t\t\t<span itemprop='logo' itemscope itemtype='https:\/\/schema.org\/ImageObject'>\n\t\t\t\t\t\t\t<span itemprop='url'>https:\/\/abogadaviolenciadegenero.com\/wp-content\/uploads\/2024\/01\/abogada_violencia_de_genero.png<\/span>\n\t\t\t\t\t\t<\/span>\n\t\t\t\t<\/span><span class='av-structured-data'  itemprop=\"author\" itemscope=\"itemscope\" itemtype=\"https:\/\/schema.org\/Person\" ><span itemprop='name'>admin<\/span><\/span><span class='av-structured-data'  itemprop=\"datePublished\" datetime=\"2024-09-29T19:29:30+02:00\" >2024-09-29 19:29:30<\/span><span class='av-structured-data'  itemprop=\"dateModified\" itemtype=\"https:\/\/schema.org\/dateModified\" >2025-12-26 16:32:32<\/span><span class='av-structured-data'  itemprop=\"mainEntityOfPage\" itemtype=\"https:\/\/schema.org\/mainEntityOfPage\" ><span itemprop='name'>F\u00e9minicide : statistiques, causes et pr\u00e9vention<\/span><\/span><\/span><\/article><article class=\"post-entry post-entry-type-standard post-entry-1812 post-loop-3 post-parity-odd post-entry-last single-big with-slider post-1812 post type-post status-publish format-standard has-post-thumbnail hentry category-non-classifiee\"  itemscope=\"itemscope\" itemtype=\"https:\/\/schema.org\/BlogPosting\" ><div class=\"big-preview single-big\"  itemprop=\"image\" itemscope=\"itemscope\" itemtype=\"https:\/\/schema.org\/ImageObject\" ><a href=\"https:\/\/abogadaviolenciadegenero.com\/fr\/que-faire-si-une-plainte-pour-violence-de-genre-est-retiree-ou-classee-sans-suite\/\"  title=\"que-hacer-si-la-denuncia-violencia-genero-archivada\" ><img decoding=\"async\" loading=\"lazy\" width=\"800\" height=\"321\" src=\"https:\/\/abogadaviolenciadegenero.com\/wp-content\/uploads\/2024\/09\/que-hacer-si-la-denuncia-violencia-genero-archivada-800x321.jpg\" class=\"wp-image-1418 avia-img-lazy-loading-1418 attachment-entry_with_sidebar size-entry_with_sidebar wp-post-image\" alt=\"Qu\u00e9 hacer si la denuncia por violencia de g\u00e9nero es retirada o archivada\" \/><\/a><\/div><div class=\"blog-meta\"><\/div><div class='entry-content-wrapper clearfix standard-content'><header class=\"entry-content-header\" aria-label=\"Articles : Que faire si une plainte pour violence de genre est retir\u00e9e ou class\u00e9e sans suite\"><h2 class='post-title entry-title '  itemprop=\"headline\" ><a href=\"https:\/\/abogadaviolenciadegenero.com\/fr\/que-faire-si-une-plainte-pour-violence-de-genre-est-retiree-ou-classee-sans-suite\/\" rel=\"bookmark\" title=\"Lien permanent : Que faire si une plainte pour violence de genre est retir\u00e9e ou class\u00e9e sans suite\">Que faire si une plainte pour violence de genre est retir\u00e9e ou class\u00e9e sans suite<span class=\"post-format-icon minor-meta\"><\/span><\/a><\/h2><span class=\"post-meta-infos\"><time class=\"date-container minor-meta updated\"  itemprop=\"datePublished\" datetime=\"2024-09-22T18:51:52+02:00\" >22 septembre 2024<\/time><span class=\"text-sep\">\/<\/span><span class=\"blog-categories minor-meta\">dans <a href=\"https:\/\/abogadaviolenciadegenero.com\/fr\/category\/non-classifiee\/\" rel=\"tag\">Non classifi\u00e9(e)<\/a><\/span><span class=\"text-sep\">\/<\/span><span class=\"blog-author minor-meta\">par <span class=\"entry-author-link\"  itemprop=\"author\" ><span class=\"author\"><span class=\"fn\"><a href=\"https:\/\/abogadaviolenciadegenero.com\/fr\/author\/david_ewhu82mp\/\" title=\"Articles par admin\" rel=\"author\">admin<\/a><\/span><\/span><\/span><\/span><\/span><\/header><div class=\"entry-content\"  itemprop=\"text\" ><div class=\"read-more-link\"><a href=\"https:\/\/abogadaviolenciadegenero.com\/fr\/que-faire-si-une-plainte-pour-violence-de-genre-est-retiree-ou-classee-sans-suite\/\" class=\"more-link\">Lire la suite<span class='more-link-arrow avia-svg-icon avia-font-svg_entypo-fontello' data-av_svg_icon='right-open-big' data-av_iconset='svg_entypo-fontello'><svg version=\"1.1\" xmlns=\"http:\/\/www.w3.org\/2000\/svg\" width=\"15\" height=\"32\" viewBox=\"0 0 15 32\" preserveAspectRatio=\"xMidYMid meet\" role=\"graphics-symbol\" aria-hidden=\"true\">\n<path d=\"M0.416 27.84l11.456-11.84-11.456-11.904q-0.832-0.832 0-1.536 0.832-0.832 1.536 0l12.544 12.608q0.768 0.832 0 1.6l-12.544 12.608q-0.704 0.832-1.536 0-0.832-0.704 0-1.536z\"><\/path>\n<\/svg><\/span><\/a><\/div>\n<\/div><footer class=\"entry-footer\"><\/footer><div class='post_delimiter'><\/div><\/div><div class=\"post_author_timeline\"><\/div><span class='hidden'>\n\t\t\t\t<span class='av-structured-data'  itemprop=\"image\" itemscope=\"itemscope\" itemtype=\"https:\/\/schema.org\/ImageObject\" >\n\t\t\t\t\t\t<span itemprop='url'>https:\/\/abogadaviolenciadegenero.com\/wp-content\/uploads\/2024\/09\/que-hacer-si-la-denuncia-violencia-genero-archivada.jpg<\/span>\n\t\t\t\t\t\t<span itemprop='height'>571<\/span>\n\t\t\t\t\t\t<span itemprop='width'>800<\/span>\n\t\t\t\t<\/span>\n\t\t\t\t<span class='av-structured-data'  itemprop=\"publisher\" itemtype=\"https:\/\/schema.org\/Organization\" itemscope=\"itemscope\" >\n\t\t\t\t\t\t<span itemprop='name'>admin<\/span>\n\t\t\t\t\t\t<span itemprop='logo' itemscope itemtype='https:\/\/schema.org\/ImageObject'>\n\t\t\t\t\t\t\t<span itemprop='url'>https:\/\/abogadaviolenciadegenero.com\/wp-content\/uploads\/2024\/01\/abogada_violencia_de_genero.png<\/span>\n\t\t\t\t\t\t<\/span>\n\t\t\t\t<\/span><span class='av-structured-data'  itemprop=\"author\" itemscope=\"itemscope\" itemtype=\"https:\/\/schema.org\/Person\" ><span itemprop='name'>admin<\/span><\/span><span class='av-structured-data'  itemprop=\"datePublished\" datetime=\"2024-09-22T18:51:52+02:00\" >2024-09-22 18:51:52<\/span><span class='av-structured-data'  itemprop=\"dateModified\" itemtype=\"https:\/\/schema.org\/dateModified\" >2025-12-26 16:42:05<\/span><span class='av-structured-data'  itemprop=\"mainEntityOfPage\" itemtype=\"https:\/\/schema.org\/mainEntityOfPage\" ><span itemprop='name'>Que faire si une plainte pour violence de genre est retir\u00e9e ou class\u00e9e sans suite<\/span><\/span><\/span><\/article><div class='single-big'><\/div><\/div>\n","protected":false},"excerpt":{"rendered":"","protected":false},"author":1,"featured_media":0,"parent":0,"menu_order":0,"comment_status":"closed","ping_status":"closed","template":"","meta":{"footnotes":""},"class_list":["post-1656","page","type-page","status-publish","hentry"],"yoast_head":"<!-- This site is optimized with the Yoast SEO plugin v27.5 - https:\/\/yoast.com\/product\/yoast-seo-wordpress\/ -->\n<title>Articles sur la violence sexiste<\/title>\n<meta name=\"description\" content=\"Vous trouverez ici des articles relatifs \u00e0 la violence sexiste qui vous aideront \u00e0 vous orienter et \u00e0 am\u00e9liorer votre situation.\" \/>\n<meta name=\"robots\" content=\"index, follow, max-snippet:-1, max-image-preview:large, max-video-preview:-1\" \/>\n<link rel=\"canonical\" href=\"https:\/\/abogadaviolenciadegenero.com\/fr\/articles\/\" \/>\n<meta property=\"og:locale\" content=\"fr_FR\" \/>\n<meta property=\"og:type\" content=\"article\" \/>\n<meta property=\"og:title\" content=\"Articles sur la violence sexiste\" \/>\n<meta property=\"og:description\" content=\"Vous trouverez ici des articles relatifs \u00e0 la violence sexiste qui vous aideront \u00e0 vous orienter et \u00e0 am\u00e9liorer votre situation.\" \/>\n<meta property=\"og:url\" content=\"https:\/\/abogadaviolenciadegenero.com\/fr\/articles\/\" \/>\n<meta property=\"og:site_name\" content=\"Celeste P\u00e9rez - Abogada de violencia de g\u00e9nero\" \/>\n<meta property=\"article:modified_time\" content=\"2025-03-14T06:34:21+00:00\" \/>\n<meta name=\"twitter:card\" content=\"summary_large_image\" \/>\n<meta name=\"twitter:label1\" content=\"Dur\u00e9e de lecture estim\u00e9e\" \/>\n\t<meta name=\"twitter:data1\" content=\"1 minute\" \/>\n<script type=\"application\/ld+json\" class=\"yoast-schema-graph\">{\"@context\":\"https:\\\/\\\/schema.org\",\"@graph\":[{\"@type\":\"WebPage\",\"@id\":\"https:\\\/\\\/abogadaviolenciadegenero.com\\\/fr\\\/articles\\\/\",\"url\":\"https:\\\/\\\/abogadaviolenciadegenero.com\\\/fr\\\/articles\\\/\",\"name\":\"Articles sur la violence sexiste\",\"isPartOf\":{\"@id\":\"https:\\\/\\\/abogadaviolenciadegenero.com\\\/fr\\\/#website\"},\"datePublished\":\"2024-09-22T10:41:14+00:00\",\"dateModified\":\"2025-03-14T06:34:21+00:00\",\"description\":\"Vous trouverez ici des articles relatifs \u00e0 la violence sexiste qui vous aideront \u00e0 vous orienter et \u00e0 am\u00e9liorer votre situation.\",\"breadcrumb\":{\"@id\":\"https:\\\/\\\/abogadaviolenciadegenero.com\\\/fr\\\/articles\\\/#breadcrumb\"},\"inLanguage\":\"fr-FR\",\"potentialAction\":[{\"@type\":\"ReadAction\",\"target\":[\"https:\\\/\\\/abogadaviolenciadegenero.com\\\/fr\\\/articles\\\/\"]}]},{\"@type\":\"BreadcrumbList\",\"@id\":\"https:\\\/\\\/abogadaviolenciadegenero.com\\\/fr\\\/articles\\\/#breadcrumb\",\"itemListElement\":[{\"@type\":\"ListItem\",\"position\":1,\"name\":\"Portada\",\"item\":\"https:\\\/\\\/abogadaviolenciadegenero.com\\\/fr\\\/\"},{\"@type\":\"ListItem\",\"position\":2,\"name\":\"Articles\"}]},{\"@type\":\"WebSite\",\"@id\":\"https:\\\/\\\/abogadaviolenciadegenero.com\\\/fr\\\/#website\",\"url\":\"https:\\\/\\\/abogadaviolenciadegenero.com\\\/fr\\\/\",\"name\":\"Celeste P\u00e9rez - Abogada de violencia de g\u00e9nero\",\"description\":\"Defensa jur\u00eddica de la mujer y el hombre en Alicante\",\"potentialAction\":[{\"@type\":\"SearchAction\",\"target\":{\"@type\":\"EntryPoint\",\"urlTemplate\":\"https:\\\/\\\/abogadaviolenciadegenero.com\\\/fr\\\/?s={search_term_string}\"},\"query-input\":{\"@type\":\"PropertyValueSpecification\",\"valueRequired\":true,\"valueName\":\"search_term_string\"}}],\"inLanguage\":\"fr-FR\"}]}<\/script>\n<!-- \/ Yoast SEO plugin. -->","yoast_head_json":{"title":"Articles sur la violence sexiste","description":"Vous trouverez ici des articles relatifs \u00e0 la violence sexiste qui vous aideront \u00e0 vous orienter et \u00e0 am\u00e9liorer votre situation.","robots":{"index":"index","follow":"follow","max-snippet":"max-snippet:-1","max-image-preview":"max-image-preview:large","max-video-preview":"max-video-preview:-1"},"canonical":"https:\/\/abogadaviolenciadegenero.com\/fr\/articles\/","og_locale":"fr_FR","og_type":"article","og_title":"Articles sur la violence sexiste","og_description":"Vous trouverez ici des articles relatifs \u00e0 la violence sexiste qui vous aideront \u00e0 vous orienter et \u00e0 am\u00e9liorer votre situation.","og_url":"https:\/\/abogadaviolenciadegenero.com\/fr\/articles\/","og_site_name":"Celeste P\u00e9rez - Abogada de violencia de g\u00e9nero","article_modified_time":"2025-03-14T06:34:21+00:00","twitter_card":"summary_large_image","twitter_misc":{"Dur\u00e9e de lecture estim\u00e9e":"1 minute"},"schema":{"@context":"https:\/\/schema.org","@graph":[{"@type":"WebPage","@id":"https:\/\/abogadaviolenciadegenero.com\/fr\/articles\/","url":"https:\/\/abogadaviolenciadegenero.com\/fr\/articles\/","name":"Articles sur la violence sexiste","isPartOf":{"@id":"https:\/\/abogadaviolenciadegenero.com\/fr\/#website"},"datePublished":"2024-09-22T10:41:14+00:00","dateModified":"2025-03-14T06:34:21+00:00","description":"Vous trouverez ici des articles relatifs \u00e0 la violence sexiste qui vous aideront \u00e0 vous orienter et \u00e0 am\u00e9liorer votre situation.","breadcrumb":{"@id":"https:\/\/abogadaviolenciadegenero.com\/fr\/articles\/#breadcrumb"},"inLanguage":"fr-FR","potentialAction":[{"@type":"ReadAction","target":["https:\/\/abogadaviolenciadegenero.com\/fr\/articles\/"]}]},{"@type":"BreadcrumbList","@id":"https:\/\/abogadaviolenciadegenero.com\/fr\/articles\/#breadcrumb","itemListElement":[{"@type":"ListItem","position":1,"name":"Portada","item":"https:\/\/abogadaviolenciadegenero.com\/fr\/"},{"@type":"ListItem","position":2,"name":"Articles"}]},{"@type":"WebSite","@id":"https:\/\/abogadaviolenciadegenero.com\/fr\/#website","url":"https:\/\/abogadaviolenciadegenero.com\/fr\/","name":"Celeste P\u00e9rez - Abogada de violencia de g\u00e9nero","description":"Defensa jur\u00eddica de la mujer y el hombre en Alicante","potentialAction":[{"@type":"SearchAction","target":{"@type":"EntryPoint","urlTemplate":"https:\/\/abogadaviolenciadegenero.com\/fr\/?s={search_term_string}"},"query-input":{"@type":"PropertyValueSpecification","valueRequired":true,"valueName":"search_term_string"}}],"inLanguage":"fr-FR"}]}},"_links":{"self":[{"href":"https:\/\/abogadaviolenciadegenero.com\/fr\/wp-json\/wp\/v2\/pages\/1656","targetHints":{"allow":["GET"]}}],"collection":[{"href":"https:\/\/abogadaviolenciadegenero.com\/fr\/wp-json\/wp\/v2\/pages"}],"about":[{"href":"https:\/\/abogadaviolenciadegenero.com\/fr\/wp-json\/wp\/v2\/types\/page"}],"author":[{"embeddable":true,"href":"https:\/\/abogadaviolenciadegenero.com\/fr\/wp-json\/wp\/v2\/users\/1"}],"replies":[{"embeddable":true,"href":"https:\/\/abogadaviolenciadegenero.com\/fr\/wp-json\/wp\/v2\/comments?post=1656"}],"version-history":[{"count":0,"href":"https:\/\/abogadaviolenciadegenero.com\/fr\/wp-json\/wp\/v2\/pages\/1656\/revisions"}],"wp:attachment":[{"href":"https:\/\/abogadaviolenciadegenero.com\/fr\/wp-json\/wp\/v2\/media?parent=1656"}],"curies":[{"name":"wp","href":"https:\/\/api.w.org\/{rel}","templated":true}]}}